{"id":1265,"date":"2024-05-07T09:30:09","date_gmt":"2024-05-07T07:30:09","guid":{"rendered":"https:\/\/sanas-legal.de\/kuenye\/"},"modified":"2026-02-28T12:22:48","modified_gmt":"2026-02-28T11:22:48","slug":"kuenye","status":"publish","type":"page","link":"https:\/\/sanas-legal.de\/tr\/kuenye\/","title":{"rendered":"K\u00fcnye"},"content":{"rendered":"<div class=\"wpb-content-wrapper\"><p>[vc_row wrap_container=&#8221;yes&#8221; animation_delay=&#8221;200&#8243; animation_type=&#8221;fadeInUp&#8221; conditional_render=&#8221;%5B%7B%22value_role%22%3A%22administrator%22%7D%5D&#8221;][vc_column][vc_empty_space][vc_custom_heading text=&#8221;K\u00fcnye&#8221; font_container=&#8221;tag:h2|font_size:2.75em|text_align:left|line_height:42px&#8221; use_theme_fonts=&#8221;yes&#8221; text_transform=&#8221;text-capitalize&#8221; font_weight=&#8221;700&#8243; el_class=&#8221;pb-2 mb-4&#8243;][vc_column_text]<\/p>\n<h4>TMG \u00a75 Uyar\u0131nca Bilgiler<\/span><\/h2>\n<h3>Sa\u011flay\u0131c\u0131:<\/span><\/h3>\n<p>SANAS Rechtsanw\u00e4lte GbR<\/p>\n<p>Temsile yetkili ortaklar:<br \/>RA Dr. Temel Nal, RA Serdal Altuntas,<br \/>RA \u00d6zg\u00fcr Aktas<\/p>\n<p>Goethestrasse 17<br \/>80336 M\u00fcnih<\/p>\n<p>Telefon: 089 \/ 189 313 40<br \/>Faks: 089 \/ 189 313 49<\/p>\n<p>E-posta: <a href=\"mailto:info@sanas-legal.de\">info@sanas-legal.de<\/a> Bu e-posta adresi spam botlar\u0131na kar\u015f\u0131 JavaScript ile korunmaktad\u0131r! JavaScript etkinle\u015ftirilmelidir!<\/p>\n<p>Avukat unvan\u0131 Almanya Federal Cumhuriyeti&#8217;nde<br \/>verilmi\u015ftir.<\/p>\n<h3>Yetkili Baro:<\/h3>\n<p><a href=\"http:\/\/www.rechtsanwaltskammer-muenchen.de\/\">M\u00fcnih Y\u00fcksek B\u00f6lge Mahkemesi B\u00f6lgesi Avukatl\u0131k Odas\u0131 \u00bb<\/a><\/p>\n<p>Tal 33<br \/>80331 M\u00fcnih<\/p>\n<h3>Mesleki Hukuki D\u00fczenlemeler:<\/h3>\n<p>Federal Avukatl\u0131k Kanunu (BRAO)<br \/>Meslek T\u00fcz\u00fc\u011f\u00fc (BORA)<br \/>Uzmanl\u0131k Avukatl\u0131\u011f\u0131 T\u00fcz\u00fc\u011f\u00fc (FAO)<br \/>Avukatl\u0131k \u00dccret Kanunu (RVG)<br \/>Bahsi ge\u00e7en d\u00fczenlemelere internet \u00fczerinden<br \/><a href=\"http:\/\/www.brak.de\/seiten\/06.php\">Federal Avukatl\u0131k Odas\u0131 web sitesinden (www.brak.de) \u00bb<\/a><br \/>eri\u015fim m\u00fcmk\u00fcnd\u00fcr.<\/p>\n<h3>DL-InfoV<\/h3>\n<p>Avukatlar olarak BRAO \u00a751 gere\u011fince asgari 250.000,00 \u20ac sigorta tutar\u0131nda bir mesleki sorumluluk sigortas\u0131 yapt\u0131rmakla y\u00fck\u00fcml\u00fcy\u00fcz. Bu konuda gerekli bilgileri talep \u00fczerine memnuniyetle size sunabiliriz.<\/p>\n<h3>Telif Hakk\u0131:<\/span><\/h3>\n<p>Bu sayfan\u0131n t\u00fcm i\u00e7erikleri telif hakk\u0131 ile korunmaktad\u0131r.<br \/>Telif Hakk\u0131 Kanunu taraf\u0131ndan a\u00e7\u0131k\u00e7a izin verilmeyen her t\u00fcrl\u00fc kullan\u0131m, \u00e7o\u011faltma veya i\u00e7eriklerin ya da sayfalar\u0131n tamam\u0131n\u0131n da\u011f\u0131t\u0131m\u0131 hem hukuki hem de cezai olarak takip edilecektir.<\/p>\n<h3>Web Sitesinin Tasar\u0131m\u0131 ve Programlamas\u0131:<\/h3>\n<p><a href=\"http:\/\/www.desident.de\/de\/\" target=\"_blank\" rel=\"noopener\">desident<\/a><\/p>\n<h3>Foto\u011fraflar:<\/h3>\n<p>Photogenika<br \/>Tina Rieger<br \/>Guldeinstrasse 28<br \/>80339 M\u00fcnih[\/vc_column_text][\/vc_column][\/vc_row]<\/p>\n<\/div>","protected":false},"excerpt":{"rendered":"<p>[vc_row wrap_container=&#8221;yes&#8221; animation_delay=&#8221;200&#8243; animation_type=&#8221;fadeInUp&#8221; conditional_render=&#8221;%5B%7B%22value_role%22%3A%22administrator%22%7D%5D&#8221;][vc_column][vc_empty_space][vc_custom_heading text=&#8221;K\u00fcnye&#8221; font_container=&#8221;tag:h2|font_size:2.75em|text_align:left|line_height:42px&#8221; use_theme_fonts=&#8221;yes&#8221; text_transform=&#8221;text-capitalize&#8221; font_weight=&#8221;700&#8243; el_class=&#8221;pb-2 mb-4&#8243;][vc_column_text] TMG \u00a75 Uyar\u0131nca Bilgiler Sa\u011flay\u0131c\u0131: SANAS Rechtsanw\u00e4lte GbR Temsile yetkili ortaklar:RA Dr. Temel Nal, RA Serdal Altuntas,RA \u00d6zg\u00fcr Aktas Goethestrasse 1780336 M\u00fcnih Telefon: 089 \/ 189 313 40Faks: 089 \/ 189 313 49 E-posta: info@sanas-legal.de Bu e-posta adresi spam botlar\u0131na kar\u015f\u0131 JavaScript ile [&hellip;]<\/p>\n","protected":false},"author":1,"featured_media":0,"parent":0,"menu_order":0,"comment_status":"closed","ping_status":"closed","template":"","meta":{"_acf_changed":false,"footnotes":""},"class_list":["post-1265","page","type-page","status-publish","hentry"],"acf":[],"_links":{"self":[{"href":"https:\/\/sanas-legal.de\/tr\/wp-json\/wp\/v2\/pages\/1265","targetHints":{"allow":["GET"]}}],"collection":[{"href":"https:\/\/sanas-legal.de\/tr\/wp-json\/wp\/v2\/pages"}],"about":[{"href":"https:\/\/sanas-legal.de\/tr\/wp-json\/wp\/v2\/types\/page"}],"author":[{"embeddable":true,"href":"https:\/\/sanas-legal.de\/tr\/wp-json\/wp\/v2\/users\/1"}],"replies":[{"embeddable":true,"href":"https:\/\/sanas-legal.de\/tr\/wp-json\/wp\/v2\/comments?post=1265"}],"version-history":[{"count":5,"href":"https:\/\/sanas-legal.de\/tr\/wp-json\/wp\/v2\/pages\/1265\/revisions"}],"predecessor-version":[{"id":1272,"href":"https:\/\/sanas-legal.de\/tr\/wp-json\/wp\/v2\/pages\/1265\/revisions\/1272"}],"wp:attachment":[{"href":"https:\/\/sanas-legal.de\/tr\/wp-json\/wp\/v2\/media?parent=1265"}],"curies":[{"name":"wp","href":"https:\/\/api.w.org\/{rel}","templated":true}]}}